{"id":8198,"date":"2019-11-12T17:19:15","date_gmt":"2019-11-12T16:19:15","guid":{"rendered":"https:\/\/www.clinicarotger.com\/politica-de-proteccion-de-datos-clinica-rotger-quironsalud-hospital-mallorca\/"},"modified":"2026-03-18T12:27:52","modified_gmt":"2026-03-18T11:27:52","slug":"datenschutzrichtlinie","status":"publish","type":"page","link":"https:\/\/www.clinicarotger.com\/de\/datenschutzrichtlinie\/","title":{"rendered":"Datenschutzrichtlinie"},"content":{"rendered":"\t\t<div data-elementor-type=\"wp-page\" data-elementor-id=\"8198\" class=\"elementor elementor-8198 elementor-27\">\n\t\t\t\t\t\t<section class=\"elementor-section elementor-top-section elementor-element elementor-element-3f3740e elementor-section-boxed elementor-section-height-default elementor-section-height-default\" data-id=\"3f3740e\" data-element_type=\"section\" data-e-type=\"section\">\n\t\t\t\t\t\t<div class=\"elementor-container elementor-column-gap-default\">\n\t\t\t\t\t<div class=\"elementor-column elementor-col-100 elementor-top-column elementor-element elementor-element-51614ba\" data-id=\"51614ba\" data-element_type=\"column\" data-e-type=\"column\">\n\t\t\t<div class=\"elementor-widget-wrap elementor-element-populated\">\n\t\t\t\t\t\t<div class=\"elementor-element elementor-element-6ddd115 elementor-widget elementor-widget-spacer\" data-id=\"6ddd115\" data-element_type=\"widget\" data-e-type=\"widget\" data-widget_type=\"spacer.default\">\n\t\t\t\t<div class=\"elementor-widget-container\">\n\t\t\t\t\t\t\t<div class=\"elementor-spacer\">\n\t\t\t<div class=\"elementor-spacer-inner\"><\/div>\n\t\t<\/div>\n\t\t\t\t\t\t<\/div>\n\t\t\t\t<\/div>\n\t\t\t\t<div class=\"elementor-element elementor-element-a40f05a elementor-widget elementor-widget-text-editor\" data-id=\"a40f05a\" data-element_type=\"widget\" data-e-type=\"widget\" data-widget_type=\"text-editor.default\">\n\t\t\t\t<div class=\"elementor-widget-container\">\n\t\t\t\t\t\t\t\t\t<p style=\"text-align: justify;\"><strong>De conformidad con el Reglamento (UE) 2016\/679 del Parlamento y del Consejo de 27 de abril de 2016 relativo a la protecci\u00f3n de las personas f\u00edsicas en lo que respecta al tratamiento de sus datos personales y la libre circulaci\u00f3n de \u00e9stos, y la Ley 41\/2002, de 14 de noviembre, B\u00e1sica Reguladora de la Autonom\u00eda del Paciente y de Derechos y Obligaciones en Materia de Informaci\u00f3n y Documentaci\u00f3n Cl\u00ednica, la Direcci\u00f3n de este Centro informa a los pacientes, usuarios y p\u00fablico en general, de los siguientes aspectos:<\/strong><\/p>\n<p style=\"text-align: justify;\"><strong>Introducci\u00f3n<\/strong><\/p>\n<p class=\"cmParagraph\" style=\"text-align: justify;\">El presente documento constituye la pol\u00edtica de privacidad de los\u00a0<a title=\"\" href=\"https:\/\/www.quironsalud.es\/es\/red-centros\">centros sanitarios<\/a>\u00a0del Grupo Hospitalario Quir\u00f3nsalud con respecto al tratamiento de datos personales de sus pacientes y\/o representantes de los mismos.<\/p>\n<p class=\"cmParagraph\" style=\"text-align: justify;\">Para cualquier cuesti\u00f3n en esta materia, el paciente puede ponerse en contacto con el Delegado de Protecci\u00f3n de Datos del Grupo Hospitalario Quir\u00f3nsalud con direcci\u00f3n postal en la Ram\u00edrez Arellano 21, 28043 de Madrid. Asimismo, puede contactar con el Delegado de Protecci\u00f3n de Datos mediante correo electr\u00f3nico remitido a la siguiente direcci\u00f3n <a title=\"Este enlace se abrir\u00e1 en una ventana nueva\" href=\"mailto:DPO@quironsalud.es\" target=\"_blank\" rel=\"noopener\">DPO@quironsalud.es<img decoding=\"async\" class=\"cmPopupIcon\" src=\"https:\/\/www.quironsalud.es\/idcsalud-client\/imagenes\/popup\/popup_external_small.gif\" alt=\"Este enlace se abrir\u00e1 en una ventana nueva\" \/><\/a>.<\/p>\n\n<h2 style=\"text-align: justify;\"><strong>\u00bfQui\u00e9n es el responsable del tratamiento de sus datos?<\/strong><\/h2>\n<p class=\"cmParagraph\" style=\"text-align: justify;\">A) En caso de ser paciente de alguno de los centros sanitarios del Grupo, el responsable del tratamiento de sus datos es la sociedad titular del centro hospitalario que le presta asistencia sanitaria:<\/p>presta asistencia sanitaria:<\/p>\t\t\t\t\t\t\t\t<\/div>\n\t\t\t\t<\/div>\n\t\t\t\t<div class=\"elementor-element elementor-element-4344260 elementor-widget elementor-widget-spacer\" data-id=\"4344260\" data-element_type=\"widget\" data-e-type=\"widget\" data-widget_type=\"spacer.default\">\n\t\t\t\t<div class=\"elementor-widget-container\">\n\t\t\t\t\t\t\t<div class=\"elementor-spacer\">\n\t\t\t<div class=\"elementor-spacer-inner\"><\/div>\n\t\t<\/div>\n\t\t\t\t\t\t<\/div>\n\t\t\t\t<\/div>\n\t\t\t\t<div class=\"elementor-element elementor-element-9c87cec elementor-widget elementor-widget-text-editor\" data-id=\"9c87cec\" data-element_type=\"widget\" data-e-type=\"widget\" data-widget_type=\"text-editor.default\">\n\t\t\t\t<div class=\"elementor-widget-container\">\n\t\t\t\t\t\t\t\t\t<table cellspacing=\"0\" cellpadding=\"4\"><tbody><tr><td valign=\"top\" width=\"439\"><strong>Responsable del Tratamiento (sociedad titular del centro sanitario que le presta asistencia) y domicilio social<\/strong><\/td><td valign=\"top\" width=\"441\"><strong>Centro Sanitario<\/strong><\/td><\/tr><tr><td valign=\"top\">I<strong>DCQ HOSPITALES Y SANIDAD S.L.U.<\/strong><br \/>Calle Ram\u00edrez Arellano, 21 Madrid (28043)<\/td><td valign=\"top\">Hospital Universitario Quir\u00f3nsalud Madrid<br \/>Hospital Universitari General de Catalunya<br \/>Hospital Universitario Quir\u00f3nsalud Sur<br \/>Hospital Quir\u00f3nsalud Barcelona<br \/>Hospital Quir\u00f3nsalud Zaragoza<br \/>Hospital Quir\u00f3nsalud C\u00f3rdoba<br \/>Hospital Quir\u00f3nsalud M\u00e1laga<br \/>Hospital Quir\u00f3nsalud Marbella<br \/>Hospital Quir\u00f3nsalud Sagrado Coraz\u00f3n<br \/>Hospital Quir\u00f3nsalud Torrevieja<br \/>Hospital Quir\u00f3nsalud Murcia<br \/>Hospital Quir\u00f3nsalud Valencia<br \/>Hospital Quir\u00f3nsalud Vitoria<br \/>Hospital Quir\u00f3nsalud Bizkaia<br \/>Hospital Quir\u00f3nsalud Albacete<br \/>Hospital Quir\u00f3nsalud Santa Cristina<br \/>Hospital Quir\u00f3nsalud Ciudad Real<br \/>Hospital Quir\u00f3nsalud Toledo<br \/>Hospital Quir\u00f3nsalud Clideba<br \/>Hospital Quir\u00f3nsalud C\u00e1ceres<br \/>Hospital Quir\u00f3nsalud Tenerife<br \/>Hospital Quir\u00f3nsalud Costa Adeje<br \/>Hospital Quir\u00f3nsalud Miguel Dominguez<br \/>Hospital Quir\u00f3nsalud Campo de Gibraltar<br \/>Hospital Quir\u00f3nsalud Valle del Henares<br \/>Hospital Quir\u00f3nsalud Palmaplanas<br \/>Hospital Ruber Juan Bravo 49<br \/>Hospital Ruber Internacional<br \/>Hospital Quir\u00f3nsalud del Vall\u00e8s<br \/>Hospital Universitari Sagrat Cor<br \/>Hospital Quir\u00f3nsalud Huelva<br \/>Hospital Quir\u00f3nsalud Son Ver\u00ed<br \/>Hospital Quir\u00f3nsalud Badalona<br \/>Hospital Quir\u00f3nsalud Vida<br \/>Hospital El Pilar \u2013 Grupo Quir\u00f3nsalud<br \/>Hospital de D\u00eda Quir\u00f3nsalud Zaragoza<br \/>Hospital de D\u00eda Quir\u00f3nsalud Ave Mar\u00eda<br \/>Hospital de D\u00eda Quir\u00f3nsalud Donostia<br \/>Hospital de D\u00eda Quir\u00f3nsalud Talavera<br \/>Hospital de D\u00eda Quir\u00f3nsalud Playa del Muro<br \/>Hospital de D\u00eda Quir\u00f3nsalud Huesca<br \/>Hospital Materno-Infantil Quir\u00f3nsalud Sevilla<br \/>Cl\u00ednica Quir\u00f3nsalud Alc\u00e1zar<br \/>Cl\u00ednica Rotger<br \/>Instituto de Neuro-rehabilitaci\u00f3n Quir\u00f3nsalud Pontevedra<br \/>Galenus Centre de Salut<br \/>Centro M\u00e9dico Quir\u00f3nsalud Zaragoza<br \/>Centro M\u00e9dico Teknon<br \/>Centro M\u00e9dico Quir\u00f3nsalud Murcia<br \/>Centro M\u00e9dico Quir\u00f3nsalud Cartagena<br \/>Centro M\u00e9dico Quir\u00f3nsalud Rub\u00ed<br \/>Centro M\u00e9dico Quir\u00f3nsalud Tres Cantos<br \/>Centro M\u00e9dico Quir\u00f3nsalud Valdebebas<br \/>Centro M\u00e9dico Quir\u00f3nsalud Aribau<br \/>Centro M\u00e9dico Quir\u00f3nsalud Fuengirola<br \/>Centro M\u00e9dico Quir\u00f3nsalud M\u00e1laga<br \/>Centro M\u00e9dico Quir\u00f3nsalud Parque Litoral<br \/>Centro M\u00e9dico Quir\u00f3nsalud Costa del Sol<br \/>Centro M\u00e9dico Quir\u00f3nsalud Marbella<br \/>Centro M\u00e9dico Quir\u00f3nsalud Ja\u00e9n<br \/>Centro M\u00e9dico Quir\u00f3nsalud Guadalete<br \/>Centro M\u00e9dico Quir\u00f3nsalud Sevilla Este<br \/>Centro M\u00e9dico Quir\u00f3nsalud Manuel Siurot<br \/>Centro M\u00e9dico Quir\u00f3nsalud Mairena<br \/>Centro M\u00e9dico Quir\u00f3nsalud Los Remedios<br \/>Centro M\u00e9dico Quir\u00f3nsalud Nervi\u00f3n<br \/>Centro M\u00e9dico Quir\u00f3nsalud Alameda<br \/>Centro M\u00e9dico Quir\u00f3nsalud Orihuela<br \/>Centro M\u00e9dico Quir\u00f3nsalud Gran Alacant<br \/>Centro M\u00e9dico Quir\u00f3nsalud Alicante<br \/>Centro M\u00e9dico Quir\u00f3nsalud Elche<br \/>Centro M\u00e9dico Quir\u00f3nsalud Mercado de Col\u00f3n<br \/>Centro M\u00e9dico Quir\u00f3nsalud Valencia<br \/>Centro M\u00e9dico Quir\u00f3nsalud Blasco Iba\u00f1ez<br \/>Centro M\u00e9dico Quir\u00f3nsalud Severo Ochoa<br \/>Centro M\u00e9dico Quir\u00f3nsalud Artes Gr\u00e1ficas<br \/>Centro M\u00e9dico Quir\u00f3nsalud Plaza Euskadi<br \/>Centro M\u00e9dico Quir\u00f3nsalud Puertollano<br \/>Centro M\u00e9dico Quir\u00f3nsalud Toledo<br \/>Centro M\u00e9dico Quir\u00f3nsalud Plaza Lodares<br \/>Centro M\u00e9dico Quir\u00f3nsalud M\u00e9rida<br \/>Centro M\u00e9dico Quir\u00f3nsalud Pontevedra<br \/>Centro M\u00e9dico Quir\u00f3nsalud Almendralejo<br \/>Centro M\u00e9dico Quir\u00f3nsalud Don Benito<br \/>Centro M\u00e9dico Quir\u00f3nsalud Algeciras<br \/>Centro M\u00e9dico Quir\u00f3nsalud Tenerife<br \/>Centro M\u00e9dico Quir\u00f3nsalud Valle del Henares<br \/>Centro M\u00e9dico Quir\u00f3nsalud Badalona<br \/>Centro M\u00e9dico Quir\u00f3nsalud D\u00edgest Laietania<br \/>Centro M\u00e9dico Quir\u00f3nsalud D\u00edgest<br \/>Centro M\u00e9dico Quir\u00f3nsalud Sa Pobla<br \/>Centro M\u00e9dico Quir\u00f3nsalud Nuredduna<br \/>Centro M\u00e9dico Quir\u00f3nsalud Inca<br \/>Centro M\u00e9dico Quir\u00f3nsalud Manacor<br \/>Centro M\u00e9dico Quir\u00f3nsalud Palmanova<br \/>Centro M\u00e9dico Quir\u00f3nsalud Aljarafe<br \/>Centro M\u00e9dico Quir\u00f3nsalud Campos<br \/>Centro M\u00e9dico Quir\u00f3nsalud S\u00f3ller<br \/>Centro M\u00e9dico Quir\u00f3nsalud Arenal<br \/>Centro M\u00e9dico Quir\u00f3nsalud Menorca<br \/>Centro M\u00e9dico Quir\u00f3nsalud Los Cristianos<br \/>Centro M\u00e9dico Paseo de la Habana<br \/>Centro M\u00e9dico Mas\u00f3-Grupo Quir\u00f3nsalud<br \/>Centro de Di\u00e1lisis Quir\u00f3nsalud Marbella<br \/>Centro de Oftalmolog\u00eda Quir\u00f3nsalud Marbella<br \/>Centro de Rehabilitaci\u00f3n Quir\u00f3nsalud Pontevedra<br \/>Centro de Rehabilitaci\u00f3n Quir\u00f3nsalud Talavera<br \/>Centro de Rehabilitaci\u00f3n Quir\u00f3nsalud Huelva<br \/>Quir\u00f3nsalud Dental Palmaplanas<br \/>Quir\u00f3nsalud Dental Manacor<br \/>Quir\u00f3nsalud Dental Palma Centro<br \/>Quir\u00f3nsalud Dental Kids<br \/>Quir\u00f3nsalud Dental Inca<br \/>Residencia Alcabala<br \/>Residencia Dulcinea<br \/>Residencia La Manchuela<br \/>Hospital Digital<br \/>Centro m\u00e9dico-quir\u00fargica Olympia<br \/>Centro M\u00e9dico Vida Icod<br \/>Centro M\u00e9dico Vida Puerto<br \/>Centro Quir\u00f3nsalud Vida Casablanca<br \/>Centro M\u00e9dico Quir\u00f3nsalud Vida La Laguna<br \/>Centro M\u00e9dico Quir\u00f3nsalud Vida Candelaria<\/td><\/tr><tr><td valign=\"top\"><p class=\"cmParagraph\"><strong>HEALTH DIAGNOSTIC S.L.<\/strong><\/p><p class=\"cmParagraph\">Calle Ram\u00edrez Arellano, 21 Madrid (28043)<\/p><\/td><td valign=\"top\"><p>Diagn\u00f3stico por imagen (ubicado en Hospital Plat\u00f3, C\/Tavern n\u00fam.82 CP 08006-Barcelona)<\/p><p>Centros de Extracci\u00f3n de CLINAMAT ubicados en:<\/p><p>&#8211; C\/ Francisco Silvela, N\u00ba 46 \u2013 Bajo, 28028 Madrid<\/p><p>&#8211; C\/ Pr\u00edncipe de Vergara, N\u00ba 134 \u2013 Bajo, 28002 Madrid<\/p><p>&#8211; C\/ Estrella Polar, N\u00ba 22, 28007 Madrid<\/p><p>&#8211; C\/ Mercurio, N\u00ba 9, 28032 Madrid &#8211; C\/ Embajadores, N\u00ba 198, 28045 Madrid<\/p><\/td><\/tr><tr><td valign=\"top\"><p class=\"cmParagraph\">FUNDACI\u00d3N JIM\u00c9NEZ D\u00cdAZ UTE<\/p><p class=\"cmParagraph\">Avenida de los Reyes Cat\u00f3licos, 2, Madrid (28040)<\/p><\/td><td valign=\"top\">Hospital Universitario Fundaci\u00f3n Jim\u00e9nez D\u00edaz<\/td><\/tr><tr><td valign=\"top\"><p class=\"cmParagraph\"><strong>FUNDACI\u00d3N INSTITUTO DE INVESTIGACI\u00d3N SANITARIA FUNDACI\u00d3N JIM\u00c9NEZ D\u00cdAZ<\/strong><\/p><p class=\"cmParagraph\">Calle Isaac Peral, 42 oficinas. 2\u00aa planta, oficina 1, Madrid (28015)<\/p><\/td><td valign=\"top\">Instituto de Investigaci\u00f3n Sanitaria Fundaci\u00f3n Jim\u00e9nez Diaz (IIS-FJD)<\/td><\/tr><tr><td valign=\"top\"><p class=\"cmParagraph\"><strong>CL\u00cdNICA LA LUZ, S.L.<\/strong><\/p><p class=\"cmParagraph\">Calle del Maestro \u00c1ngel Llorca, 8, Madrid (28003)<\/p><\/td><td valign=\"top\">Hospital La Luz<\/td><\/tr><tr><td valign=\"top\"><p class=\"cmParagraph\"><strong>POLICL\u00cdNICA GIPUZKOA, S.A.<\/strong><\/p><p class=\"cmParagraph\">Paseo Miram\u00f3n, 174, Donostia, Guip\u00fazcoa (20014)<\/p><\/td><td valign=\"top\">Policl\u00ednica Gipuzkoa<\/td><\/tr><tr><td valign=\"top\"><p class=\"cmParagraph\"><strong>RESONANCIA GASTEIZ, S.L.U.<\/strong><\/p><p class=\"cmParagraph\">Calle La Esperanza, 5 \u2013 Bajo de Vitoria-Gasteiz (01002)<\/p><\/td><td valign=\"top\">Centro no hospitalario (ubicado en la Calle La Esperanza, 7 de Vitoria-Gasteiz (01002).<\/td><\/tr><tr><td valign=\"top\"><p class=\"cmParagraph\"><strong>CL\u00cdNICA ESPERANZA DE TRIANA, S.A.<\/strong><\/p><p class=\"cmParagraph\">Calle San Jacinto, 87, Sevilla (41010)<\/p><\/td><td valign=\"top\"><p class=\"cmParagraph\">Hospital Quir\u00f3nsalud Infanta Luisa<\/p><p class=\"cmParagraph\">Centro M\u00e9dico Quir\u00f3nsalud Espartinas<\/p><p class=\"cmParagraph\">Centro M\u00e9dico Quir\u00f3nsalud Condes de Bustillo<\/p><p class=\"cmParagraph\">Centro M\u00e9dico Quir\u00f3nsalud Condes de Bustillo 36<\/p><\/td><\/tr><tr><td valign=\"top\"><p class=\"cmParagraph\"><strong>INSTITUTO POLICL\u00cdNICO SANTA TERESA S.A.<\/strong><\/p><p class=\"cmParagraph\">Calle Londres, 2 La Coru\u00f1a (15008)<\/p><\/td><td valign=\"top\"><p class=\"cmParagraph\">Hospital Quir\u00f3nsalud A Coru\u00f1a<\/p><p class=\"cmParagraph\">Centro M\u00e9dico Quir\u00f3nsalud A Coru\u00f1a<\/p><p class=\"cmParagraph\">Instituto Oftalmol\u00f3gico Quir\u00f3nsalud A Coru\u00f1a<\/p><\/td><\/tr><tr><td valign=\"top\"><p class=\"cmParagraph\"><strong>USP INSTITUTO DEXEUS, S.A.<\/strong><\/p><p class=\"cmParagraph\">Calle Ram\u00edrez Arellano, 21 Madrid (28043)<\/p><\/td><td valign=\"top\">Hospital Universitari Dexeus<\/td><\/tr><tr><td valign=\"top\"><p class=\"cmParagraph\"><strong>UNITED SURGICAL PARTNERS MADRID, S.L.<\/strong><\/p><p class=\"cmParagraph\">Calle Juan Bravo, 39, Madrid (28006)<\/p><\/td><td valign=\"top\"><p class=\"cmParagraph\">IERA &#8211; Instituto Extreme\u00f1o de Reproducci\u00f3n Asistida<\/p><p class=\"cmParagraph\">IERA- IERA Lisboa<\/p><\/td><\/tr><tr><td valign=\"top\"><p class=\"cmParagraph\"><strong>INSTITUTO EXTREME\u00d1O DE REPRODUCCI\u00d3N ASISTIDA, S.L.<\/strong><\/p><p class=\"cmParagraph\">Julio Cienfuego Linares, 19-21 Badajoz<\/p><\/td><td valign=\"top\">Hospital Quir\u00f3nsalud del Vall\u00e8s<br \/>Hospital Universitari Sagrat Cor<\/td><\/tr><tr><td valign=\"top\"><p class=\"cmParagraph\"><strong>RADIOTERAPIA DE PROTONES, S.L.U.<\/strong><\/p><p class=\"cmParagraph\">Calle Ram\u00edrez Arellano, 21 Madrid (28043)<\/p><\/td><td valign=\"top\">Centro de Protonterapia (ubicado en C\/ Virgilio n\u00fam. 3 CP 28223-Madrid)<\/td><\/tr><tr><td valign=\"top\"><p class=\"cmParagraph\"><strong>SANATORIO NOSA SE\u00d1ORA DOS OLLOS GRANDES, S.L.<\/strong><\/p><p class=\"cmParagraph\">Calle Montevideo, 23 de Lugo (27001)<\/p><\/td><td valign=\"top\">Hospital Quir\u00f3nsalud Lugo<\/td><\/tr><tr><td valign=\"top\"><p class=\"cmParagraph\"><strong>CL\u00cdNICA DERMATOL\u00d3GICA INTERNACIONAL, S.L.<\/strong><\/p><p class=\"cmParagraph\">Calle Marqu\u00e9s de Villamagna, 8, Madrid (28001)<\/p><\/td><td valign=\"top\">Cl\u00ednica Dermatol\u00f3gica Internacional<\/td><\/tr><tr><td valign=\"top\"><p class=\"cmParagraph\"><strong>QUIR\u00d3N PREVENCI\u00d3N, S.LU.<\/strong><\/p><p class=\"cmParagraph\">Calle Agust\u00edn de Betancourt, 25, Madrid (28003)<\/p><\/td><td valign=\"top\">Los centros sanitarios de Quir\u00f3nprevenci\u00f3n que prestan servicios asistenciales.<\/td><\/tr><\/tbody><\/table>\t\t\t\t\t\t\t\t<\/div>\n\t\t\t\t<\/div>\n\t\t\t\t<div class=\"elementor-element elementor-element-21a0159 elementor-widget elementor-widget-spacer\" data-id=\"21a0159\" data-element_type=\"widget\" data-e-type=\"widget\" data-widget_type=\"spacer.default\">\n\t\t\t\t<div class=\"elementor-widget-container\">\n\t\t\t\t\t\t\t<div class=\"elementor-spacer\">\n\t\t\t<div class=\"elementor-spacer-inner\"><\/div>\n\t\t<\/div>\n\t\t\t\t\t\t<\/div>\n\t\t\t\t<\/div>\n\t\t\t\t<div class=\"elementor-element elementor-element-e03b57e elementor-widget elementor-widget-text-editor\" data-id=\"e03b57e\" data-element_type=\"widget\" data-e-type=\"widget\" data-widget_type=\"text-editor.default\">\n\t\t\t\t<div class=\"elementor-widget-container\">\n\t\t\t\t\t\t\t\t\t<p>B) En caso de que dispongamos de sus datos por haberse suscrito a la <strong>newsletter<\/strong>\u00a0o por haber\u00a0<strong>solicitado informaci\u00f3n sobre alguno de los servicios y\/o productos<\/strong>\u00a0ofertados a trav\u00e9s de las p\u00e1ginas web del Grupo Quir\u00f3nsalud, el responsable del tratamiento de sus datos es la sociedad\u00a0<strong>IDCQ HOSPITALES Y SANIDAD S.L.U.,\u00a0<\/strong>con domicilio social en la calle Ram\u00edrez Arellano 21, 28043 (Madrid).<\/p><h2 style=\"text-align: justify;\"><strong>\u00bfQu\u00e9 datos personales tratamos y de d\u00f3nde proceden?<\/strong><\/h2><p class=\"cmParagraph\" style=\"text-align: justify;\">Con ocasi\u00f3n de su relaci\u00f3n con nosotros se pueden tratar las siguientes categor\u00edas de datos personales:<\/p><ul style=\"text-align: justify;\"><li>Datos identificativos, de contacto de pacientes o representantes del mismo (incluida firma, imagen, tarjeta sanitaria, n\u00famero de la seguridad social o mutualidad);<\/li><li>Datos relativos a la salud integrados en la Historia Cl\u00ednica del paciente;<\/li><li>Caracter\u00edsticas personales, circunstancias sociales;<\/li><li>Datos transaccionales (pagos, ingresos, transferencias, adeudos)<\/li><\/ul><p class=\"cmParagraph\" style=\"text-align: justify;\">Los datos pueden provenir del propio interesado (paciente) o en su caso, de su representante legal o voluntario y\/o de personal sanitario.<\/p><h2 style=\"text-align: justify;\"><strong>\u00bfCon qu\u00e9 finalidad tratamos sus datos personales?<\/strong><\/h2><p>Los datos personales pueden ser tratados por los responsables del tratamiento con las siguientes finalidades:<\/p><p><strong>1. Prestaci\u00f3n de asistencia sanitaria:<\/strong> sus datos personales son tratados con el objeto de prestarle la asistencia sanitaria que precise, as\u00ed como para gestionar adecuadamente los servicios sanitarios y de administraci\u00f3n del hospital necesarios para la misma, por ejemplo:<br \/>&#8211; Recordarle sus citas y revisiones;<br \/>&#8211; Emitir justificantes de su asistencia en el centro sanitario a favor de familiares o personas vinculadas a usted que lo soliciten, dentro del marco permitido por la normativa;<br \/>&#8211; Atender cualquier comunicaci\u00f3n con el centro sanitario reportada por el paciente;<br \/>&#8211; Gestionar cualquier incidencia o reclamaci\u00f3n interpuesta por el usuario y\/o paciente;<br \/>&#8211; Realizar encuestas con el objetivo de conocer su opini\u00f3n sobre la atenci\u00f3n recibida y que ser\u00e1n utilizadas \u00fanicamente para mejorar y desarrollar nuestros servicios asistenciales y de gesti\u00f3n;<br \/>&#8211; Habilitar acceso al portal del paciente para permitir visualizar Historia Cl\u00ednica Electr\u00f3nica, petici\u00f3n de citas, acceso a determinadas pruebas m\u00e9dicas, etc.<br \/>&#8211; Env\u00edo de Informaci\u00f3n y actividades de promoci\u00f3n y prevenci\u00f3n de la salud.<br \/>&#8211; Grabaci\u00f3n de llamadas<br \/>&#8211; Mejora en la eficacia y eficiencia de la atenci\u00f3n sanitaria prestada: si presta su consentimiento, en determinados procesos, se realizar\u00e1 una grabaci\u00f3n de la conversaci\u00f3n en consulta que posteriormente se transcribir\u00e1 y anonimizar\u00e1, entre facultativo y paciente.<\/p><p><strong>2. Investigaci\u00f3n cient\u00edfica:<\/strong> sus datos pueden ser tratados con fines cient\u00edficos, cumpliendo con la normativa espec\u00edfica al respecto.<\/p><p><strong>3. Procedimientos de anonimizaci\u00f3n y seudonimizaci\u00f3n:<\/strong> Se podr\u00e1 aplicar ciertos procedimientos sobre sus datos para que no sean identificables o dejen de serlo, o para que ya no puedan atribuirse a un interesado sin utilizar informaci\u00f3n adicional que figure por separado, con fines de investigaci\u00f3n cient\u00edfica o estad\u00edstica, con fines de docencia y\/o para la mejora de los procesos en beneficio de los servicios prestados.<\/p><p><strong>4. Docencia:<\/strong> En los Hospitales y centros sanitarios sus datos pueden ser tratados con fines docentes, cumpliendo con la normativa espec\u00edfica al respecto.<\/p><p><strong>5. Atenci\u00f3n de solicitudes de informaci\u00f3n, queja, sugerencia, reclamaci\u00f3n, ejercicio de derechos de protecci\u00f3n de datos, etc.:<\/strong> en estos casos se tratar\u00e1n sus datos con la finalidad de gestionar y tramitar la solicitud, por cualquier medio, incluidas las comunicaciones telef\u00f3nicas y\/o electr\u00f3nicas.<\/p><p><strong>6. Grabaci\u00f3n de llamadas:<\/strong> se pueden grabar las llamadas realizadas de los pacientes con finalidad de calidad.<\/p><p><strong>7. Cumplimiento de obligaciones legales:<\/strong> puede resultar necesario tratar los datos personales con la finalidad de cumplir con los requerimientos legales que correspondan. En concreto, para cumplir con la legislaci\u00f3n en materia de protecci\u00f3n de datos, tributaria, sanitaria, etc.<\/p><p><strong>8. Formalizaci\u00f3n y ejecuci\u00f3n del contrato:<\/strong> los datos personales son tratados con la finalidad de gestionar la relaci\u00f3n contractual con el paciente.<\/p><p><strong>9. Videovigilancia:<\/strong> determinados centros sanitarios cuentan con un sistema de videovigilancia a trav\u00e9s del cual se recaban im\u00e1genes a tiempo real de los usuarios del centro. El tratamiento de estos datos se da con una finalidad exclusivamente de seguridad y control de acceso a las instalaciones.<\/p><p><strong>10. Env\u00edo de newsletter:<\/strong> si consiente expl\u00edcitamente, sus datos podr\u00e1n ser utilizados para el env\u00edo, por medios electr\u00f3nicos, de los boletines a los que se haya suscrito.<\/p><p><strong>11. Env\u00edo de comunicaciones comerciales por cualquier v\u00eda en caso de consentimiento adicional:<\/strong> si consiente expl\u00edcitamente, sus datos podr\u00e1n ser cedidos a las entidades del grupo Quir\u00f3nsalud (<a href=\"https:\/\/www.quironsalud.es\/es\/sociedades-grupo-quironsalud?_gl=1*7tibkw*_gcl_au*MTM5Mjk2NTI1Ny4xNzcyNzkyMDY1\" target=\"_blank\" rel=\"noopener\">quironsalud<\/a> y <a href=\"https:\/\/www.quironprevencion.com\/portal-client\/cm\/gallery\/documentos\/Relaci%C3%B3n%20empresas%20Quir%C3%B3nprevenci%C3%B3n.pdf?_gl=1*7tibkw*_gcl_au*MTM5Mjk2NTI1Ny4xNzcyNzkyMDY1\" target=\"_blank\" rel=\"noopener\">quironprevencion<\/a>) con la finalidad de informarle por cualquier medio con fines promocionales y publicitarios sobre los centros, servicios, productos o eventos relacionados con el sector sanitario y\/o de salud de las empresas del Grupo Quir\u00f3nsalud (en ning\u00fan caso se utilizar\u00e1n sus datos para enviarle contenido publicitario ajeno a Quir\u00f3nsalud).<\/p><p>Los datos recogidos ser\u00e1n tratados para las finalidades especificadas y en ning\u00fan caso de manera incompatible con dichos fines. Le recordamos que el tratamiento con fines de investigaci\u00f3n cient\u00edfica o estad\u00edsticos no se considera incompatible con el fin inicial.<\/p><p>En todo caso, tratamos sus datos para atenderle siempre con el mismo nivel de calidad asistencial, con independencia del canal que utilice para comunicarse con nosotros (centro sanitario, p\u00e1gina web del centro, aplicaciones m\u00f3viles ya sea de forma presencial, telef\u00f3nica o telem\u00e1tica).<\/p><h2><strong>\u00bfCu\u00e1l es la legitimaci\u00f3n para el tratamiento de sus datos?<\/strong><\/h2><table class=\"cmTable\"><tbody><tr><td class=\"cmVAligntop\"><p class=\"cmParagraph cmAligncenter\"><strong>Finalidad<\/strong><\/p><\/td><td class=\"cmVAligntop\"><p class=\"cmParagraph cmAligncenter\"><strong>Base para el Tratamiento<\/strong><\/p><\/td><\/tr><tr><td class=\"cmVAligntop\"><p class=\"cmParagraph\">Prestaci\u00f3n de asistencia sanitaria<\/p><\/td><td class=\"cmVAligntop\"><p class=\"cmParagraph\">Tratamiento necesario para fines de medicina preventiva, diagn\u00f3stico m\u00e9dico, prestaci\u00f3n de asistencia o tratamiento de tipo sanitario, as\u00ed como la gesti\u00f3n de los sistemas y servicios de asistencia sanitaria,<\/p><p class=\"cmParagraph\">Tratamiento necesario para la ejecuci\u00f3n de un contrato en el que el interesado es parte; y\/o intereses leg\u00edtimos del responsable del tratamiento; cumplimiento de obligaciones legales del responsable y consentimiento del paciente para determinados procesos.<\/p><\/td><\/tr><tr><td class=\"cmVAligntop\"><p class=\"cmParagraph\">Investigaci\u00f3n cient\u00edfica<\/p><\/td><td class=\"cmVAligntop\"><p class=\"cmParagraph\">Tratamiento basado en obligaci\u00f3n legal, consentimiento del interesado y\/o inter\u00e9s leg\u00edtimo del responsable del tratamiento.<\/p><\/td><\/tr><tr><td class=\"cmVAligntop\"><p class=\"cmParagraph\">Procedimientos de anonimizaci\u00f3n y seudonimizaci\u00f3n con fines de investigaci\u00f3n cient\u00edfica, docencia, estad\u00edstica o mejora de procesos<\/p><\/td><td class=\"cmVAligntop\"><p class=\"cmParagraph\">Tratamiento basado en obligaci\u00f3n legal, consentimiento del interesado y\/o inter\u00e9s leg\u00edtimo del responsable del tratamiento.<\/p><\/td><\/tr><tr><td class=\"cmVAligntop\"><p class=\"cmParagraph\">Docencia<\/p><\/td><td class=\"cmVAligntop\"><p class=\"cmParagraph\">Tratamiento basado en consentimiento del interesado y\/o inter\u00e9s leg\u00edtimo del responsable del tratamiento.<\/p><\/td><\/tr><tr><td class=\"cmVAligntop\"><p class=\"cmParagraph\">Atenci\u00f3n de solicitudes<\/p><\/td><td class=\"cmVAligntop\"><p class=\"cmParagraph\">Tratamiento basado en el consentimiento del interesado y\/o inter\u00e9s leg\u00edtimo del responsable del tratamiento y\/u obligaci\u00f3n legal.<\/p><\/td><\/tr><tr><td class=\"cmVAligntop\"><p class=\"cmParagraph\">Grabaci\u00f3n de llamadas<\/p><\/td><td class=\"cmVAligntop\"><p class=\"cmParagraph\">Tratamiento basado en el inter\u00e9s leg\u00edtimo del responsable del tratamiento.<\/p><\/td><\/tr><tr><td class=\"cmVAligntop\"><p class=\"cmParagraph\">Cumplimiento de obligaciones legales<\/p><\/td><td class=\"cmVAligntop\"><p class=\"cmParagraph\">Tratamiento necesario para el cumplimiento de una obligaci\u00f3n legal aplicable al responsable del tratamiento<\/p><\/td><\/tr><tr><td class=\"cmVAligntop\"><p class=\"cmParagraph\">Formalizaci\u00f3n y ejecuci\u00f3n del contrato<\/p><\/td><td class=\"cmVAligntop\"><p class=\"cmParagraph\">Tratamiento necesario para la ejecuci\u00f3n de un contrato en el que el interesado es parte<\/p><\/td><\/tr><tr><td class=\"cmVAligntop\"><p class=\"cmParagraph\">Videovigilancia<\/p><\/td><td class=\"cmVAligntop\"><p class=\"cmParagraph\">Tratamiento basado en el inter\u00e9s p\u00fablico del responsable del tratamiento en base a Ley 5\/2014 de Seguridad Privada<\/p><\/td><\/tr><tr><td class=\"cmVAligntop\"><p class=\"cmParagraph\">Env\u00edo de Newsletter<\/p><\/td><td class=\"cmVAligntop\"><p class=\"cmParagraph\">Tratamiento basado en el consentimiento del interesado<\/p><\/td><\/tr><tr><td class=\"cmVAligntop\"><p class=\"cmParagraph\">Env\u00edo de comunicaciones comerciales<\/p><\/td><td class=\"cmVAligntop\"><p class=\"cmParagraph\">Tratamiento basado en el consentimiento del interesado<\/p><\/td><\/tr><\/tbody><\/table><h2 style=\"text-align: justify;\"><strong>\u00bfPor cu\u00e1nto tiempo conservaremos sus datos?<\/strong><\/h2><p>Con car\u00e1cter general s\u00f3lo se conservar\u00e1n sus datos durante el tiempo estrictamente necesario para la finalidad para la que fueron recabados.<\/p><p>Los datos personales proporcionados, as\u00ed como aquellos derivados de la asistencia sanitaria prestada se conservar\u00e1n durante el tiempo adecuado a cada caso (atendiendo a criterios m\u00e9dicos y legales), y como m\u00ednimo, cinco a\u00f1os contados desde la fecha de alta de cada proceso asistencial, salvo que la normativa auton\u00f3mica y\/o especifica establezca un plazo m\u00ednimo de conservaci\u00f3n superior al indicado, en cuyo caso se atender\u00e1 a lo dispuesto por la normativa aplicable.<\/p><p>En caso de prestar el consentimiento para la grabaci\u00f3n de voz de la consulta y su posterior transcripci\u00f3n, la grabaci\u00f3n de voz se mantendr\u00e1 hasta la transcripci\u00f3n de la conversaci\u00f3n y como m\u00e1ximo durante un periodo de 4 horas; la transcripci\u00f3n de la grabaci\u00f3n ser\u00e1 conservada durante un periodo m\u00e1ximo de 14 d\u00edas con la finalidad de garantizar el soporte de las posibles incidencias y posteriormente se anonimizar\u00e1 con fines de calidad.<\/p><p>Superado el mencionado periodo m\u00ednimo, y habiendo finalizado la relaci\u00f3n asistencial y contractual, el responsable mantendr\u00e1 sus datos durante el t\u00e9rmino de los plazos correspondientes a la prescripci\u00f3n legal (quince a\u00f1os).<\/p><p>Los datos personales tratados con la finalidad de investigaci\u00f3n cient\u00edfica se conservar\u00e1n el tiempo adecuado a cada caso seg\u00fan el tipo de estudio de investigaci\u00f3n en el que participe y teniendo en cuenta la normativa aplicable a los mismos. En cuanto a los datos tratados con finalidades de investigaci\u00f3n cient\u00edfica las Autoridades de Control de las Comunidades Aut\u00f3nomas, podr\u00e1n, previa solicitud del responsable del tratamiento y conforme al procedimiento reglamentariamente establecido, acordar el mantenimiento \u00edntegro de determinados datos, atendidos los valores hist\u00f3ricos, estad\u00edsticos o cient\u00edficos de acuerdo con la legislaci\u00f3n que resulte aplicable a cada caso.<\/p><p>Los datos personales tratados con fines de docencia s\u00f3lo se conservar\u00e1n el tiempo necesario para la formaci\u00f3n.<\/p><p>Los datos personales proporcionados con la finalidad de gestionar cualquier solicitud de informaci\u00f3n, queja, sugerencia, reclamaci\u00f3n, ejercicio de derechos de protecci\u00f3n de datos, etc., se conservar\u00e1n durante el tiempo necesario para tramitar la solicitud, y en todo caso durante el tiempo establecido legalmente, as\u00ed como durante el periodo necesario para la formulaci\u00f3n, ejercicio o defensa de reclamaciones.<\/p><p>Las grabaciones de llamadas realizadas se conservar\u00e1n durante el plazo m\u00e1ximo de 6 meses.<\/p><p>Los datos tratados para el cumplimiento de obligaciones legales se conservar\u00e1n durante el tiempo establecido en la legislaci\u00f3n aplicable.<\/p><p>Los datos recabados para la formalizaci\u00f3n y ejecuci\u00f3n del contrato ser\u00e1n conservados durante el plazo en el que dure la relaci\u00f3n contractual, as\u00ed como durante el periodo necesario para la formulaci\u00f3n, ejercicio o defensa de reclamaciones, como m\u00ednimo cinco a\u00f1os.<\/p><p>Las im\u00e1genes captadas a trav\u00e9s de los sistemas de videovigilancia se conservar\u00e1n durante un plazo m\u00e1ximo de 30 d\u00edas, salvo que el responsable del tratamiento tuviera conocimiento de alg\u00fan hecho que pudiera ser relevante para una actuaci\u00f3n judicial posterior.<\/p><p>Los datos tratados para el env\u00edo de newsletters a las que se haya suscrito, ser\u00e1n conservados hasta que el usuario no revoque su consentimiento, se d\u00e9 de baja del bolet\u00edn y\/o ejercite sus derechos de oposici\u00f3n y\/o supresi\u00f3n.<\/p><p>Los datos tratados para el env\u00edo de comunicaciones comerciales ser\u00e1n conservados hasta que el interesado no revoque el consentimiento y\/o ejercite sus derechos de oposici\u00f3n y\/o supresi\u00f3n.<\/p><h2 style=\"text-align: justify;\"><strong>\u00bfA qu\u00e9 destinatarios se comunicar\u00e1n sus datos?<\/strong><\/h2><p>Para garantizar una adecuada prestaci\u00f3n del servicio, resulta necesario que determinados proveedores de servicios y\/o entidades del grupo que traten datos por cuenta del responsable y como encargados del tratamiento sus datos personales. Estas entidades pueden ser, por ejemplo, prestadores de servicios m\u00e9dicos, de diagn\u00f3stico, an\u00e1lisis cl\u00ednicos, de auditor\u00eda, de seguridad f\u00edsica, de archivo, almacenamiento o digitalizaci\u00f3n de informaci\u00f3n, de destrucci\u00f3n de documentaci\u00f3n, servicios de asesor\u00eda jur\u00eddica, servicios inform\u00e1ticos, etc. En algunos de estos casos le informamos que determinados tratamientos m\u00e9dicos pueden conllevar transferencias internacionales de datos. No obstante, siempre se efectuar\u00e1n siguiendo las garant\u00edas adecuadas establecidas en la normativa sobre protecci\u00f3n de datos (ya sea a trav\u00e9s de cl\u00e1usulas contractuales est\u00e1ndar aprobadas por la Comisi\u00f3n Europea o en base a la existencia de una decisi\u00f3n de adecuaci\u00f3n por parte de la Comisi\u00f3n). Si desea m\u00e1s informaci\u00f3n, u obtener una copia de dichas garant\u00edas puede dirigirse al delegado de protecci\u00f3n de datos.<\/p><p>Sus datos personales no ser\u00e1n comunicados a terceros salvo obligaci\u00f3n legal, inter\u00e9s vital, inter\u00e9s leg\u00edtimo, o previo consentimiento del interesado, as\u00ed como en los supuestos y a los destinatarios que a continuaci\u00f3n se detallan:<\/p><p style=\"padding-left: 40px;\">a) Los datos de los pacientes pueden ser visibles por otros centros sanitarios del Grupo Quir\u00f3nsalud, en base al inter\u00e9s leg\u00edtimo del responsable del tratamiento, con la finalidad de garantizar y\/o mejorar su filiaci\u00f3n, as\u00ed como prestaci\u00f3n asistencial por parte del grupo Quir\u00f3nsalud, de tal forma que los centros sanitarios puedan tener un conocimiento veraz y actualizado de los datos de salud de los pacientes, garantizando de esta manera una prestaci\u00f3n asistencial integral y eficaz.<\/p><p style=\"padding-left: 40px;\">b) Dado que el paciente puede disponer de un contrato de seguro en virtud del cual sea un tercero (por ejemplo, entidades aseguradoras, mutuas, administraciones p\u00fablicas, incluso las de un tercero en el caso de seguros de responsabilidad civil) el obligado al pago de los servicios sanitarios procurados por el centro sanitario, siempre y cuando as\u00ed lo haga saber el paciente, podremos comunicar sus datos a dichas entidades, con el objeto de gestionar, validar, verificar y controlar el pago de los servicios asistenciales prestados sobre la legitimaci\u00f3n de la gesti\u00f3n de los sistemas y servicios de asistencia sanitaria y de la Ley 50\/1980 del Contrato de Seguro.<\/p><p style=\"padding-left: 40px;\">En el supuesto de que el paciente tenga concertado un seguro con una entidad situada fuera del Espacio Econ\u00f3mico Europeo[1], (en adelante E.E.E.) cuya legislaci\u00f3n no ofrezca un nivel de protecci\u00f3n de datos equivalente al de la Uni\u00f3n Europea, podr\u00eda resultar necesario realizar una transferencia internacional de datos, previo consentimiento expl\u00edcito del paciente tras haber sido informado de los posibles riesgos. Le informamos que dichas transferencias, s\u00f3lo se producen con el objeto de colaborar con el paciente y facilitar el pago de los servicios asistenciales prestados; en definitiva, s\u00f3lo tienen lugar estas transferencias, para la gesti\u00f3n y verificaci\u00f3n lo m\u00e1s \u00e1gil posible con la aseguradora, del pago de los servicios en los casos en los que el paciente tenga contratada una p\u00f3liza de seguro con una entidad ubicada fuera del E.E.E.<\/p><p style=\"padding-left: 40px;\">Si se opone a la comunicaci\u00f3n de sus datos, estas entidades podr\u00e1n rehusar el pago de los servicios asistenciales recibidos, correspondi\u00e9ndole a usted el abono de los mismos, al no tener dichas entidades la posibilidad de verificar, comprobar, validar o controlar la correcta facturaci\u00f3n por parte del centro sanitario de cada uno de sus procesos asistenciales.<\/p><p style=\"padding-left: 40px;\">c) Los datos tratados con fines de investigaci\u00f3n cient\u00edfica pueden conllevar transferencias internacionales de datos, en esos casos, se le informar\u00e1 de dicha posibilidad, as\u00ed como de las garant\u00edas para que puedan llevarse a cabo o en su defecto, se solicitar\u00e1 su consentimiento.<\/p><p style=\"padding-left: 40px;\">d) Igualmente le informamos que sus datos personales pueden ser comunicados a proveedores de material sanitario, pr\u00f3tesis e implantes por obligaci\u00f3n legal, o ambulancias en base a un inter\u00e9s vital del propio paciente.<\/p><p>Toda la informaci\u00f3n que nos sea facilitada ser\u00e1 tratada de forma confidencial y dando estricto cumplimiento a las obligaciones de seguridad necesarias para impedir el acceso por terceros no autorizados.<\/p><h2 style=\"text-align: justify;\"><strong>\u00bfCu\u00e1les son sus derechos cu\u00e1ndo nos facilita sus datos?<\/strong><\/h2><p>Podr\u00e1 ejercitar sus derechos de acceso; rectificaci\u00f3n de los datos inexactos; solicitar la supresi\u00f3n, cuando, entre otros motivos los datos ya no sean necesarios para los fines que fueron recogidos; en determinadas circunstancias tambi\u00e9n podr\u00e1 solicitar la limitaci\u00f3n del tratamiento de sus datos, en cuyo caso \u00fanicamente los conservaremos para el ejercicio o defensa de reclamaciones; finalmente, y por motivos relacionados con su situaci\u00f3n particular, tambi\u00e9n podr\u00e1 ejercitar el derecho de oposici\u00f3n y la portabilidad. Asimismo, podr\u00e1 revocar, en cualquier momento, el consentimiento prestado para el tratamiento de sus datos.<\/p><p>El ejercicio de los derechos, as\u00ed como la revocaci\u00f3n del consentimiento para el tratamiento de sus datos son gratuitos, salvo en los supuestos del art. 12.5 del Reglamento (UE) 679\/2016.<\/p><p>Para el ejercicio de sus derechos podr\u00e1 cumplimentar el siguiente formulario: <a href=\"https:\/\/www.quironsalud.com\/idcsalud-client\/cm\/images?idMmedia=900185\" target=\"_blank\" rel=\"noopener\">descargar aqu\u00ed<\/a><\/p><p>A) En el caso de ser paciente de alguno de los centros sanitarios del Grupo Quir\u00f3nsalud, puede ejercitar sus derechos de forma presencial ante el servicio de atenci\u00f3n al paciente del centro sanitario que le presta asistencia, mediante correo postal dirigido a &#8220;Servicio de Atenci\u00f3n al Paciente&#8221; de su centro sanitario (<a href=\"https:\/\/www.quironsalud.es\/es\/red-centros?_gl=1*1p4kjvp*_gcl_au*MTM5Mjk2NTI1Ny4xNzcyNzkyMDY1\" target=\"_blank\" rel=\"noopener\">ver direcci\u00f3n postal<\/a>), con la referencia &#8220;derechos de protecci\u00f3n de datos&#8221; indicando el derecho que desea ejercitar.<\/p><p>Le informamos adem\u00e1s que Quironsalud pone a su disposici\u00f3n el servicio del <a href=\"https:\/\/www.quironsalud.com\/portal-paciente\/es\" target=\"_blank\" rel=\"noopener\">Portal del Paciente<\/a>, a trav\u00e9s del cual, una vez registrado, entre otros servicios, puede acceder a trav\u00e9s de un sistema de acceso remoto, directo y seguro a los datos personales de su historia cl\u00ednica, quedando de esta manera otorgado su derecho de acceso seg\u00fan lo establecido en el art\u00edculo 13.2 de la Ley Org\u00e1nica 3\/2018, de 5 de diciembre, de Protecci\u00f3n de Datos Personales y garant\u00eda de los derechos digitales.<\/p><p>B) En el caso de que el ejercicio de sus derechos est\u00e9 relacionado con cualquiera de nuestras newsletters o con solicitudes de informaci\u00f3n sobre productos y\/o servicios ofertados en las p\u00e1ginas web del grupo, puede ejercitar sus derechos mediante correo postal dirigido al Grupo Quir\u00f3nsalud, calle Ram\u00edrez Arellano 21, 28010 (Madrid) con la referencia &#8220;derechos de protecci\u00f3n de datos- newsletter\/informaci\u00f3n&#8221; indicando el derecho que desea ejercitar.<\/p><p>C) En el caso de participar en alg\u00fan estudio de investigaci\u00f3n, para el ejercicio de sus derechos puede dirigirse al Investigador Principal del estudio de investigaci\u00f3n en el que participa, cuyos datos de contacto est\u00e1n en la hoja de informaci\u00f3n al participante que le fue entregada con car\u00e1cter previo a que consintiera la participaci\u00f3n en el estudio.<\/p><p>Adem\u00e1s, le informamos de la posibilidad de presentar una reclamaci\u00f3n ante la autoridad de control competente, de acuerdo con el procedimiento que corresponda seg\u00fan el caso concreto.<\/p><h2 style=\"text-align: justify;\"><strong>Actualizaci\u00f3n de la politica de privacidad<\/strong><\/h2><p>La presente pol\u00edtica de privacidad puede verse modificada o actualizada con el objeto de reflejar posibles cambios en la legislaci\u00f3n aplicable, criterios jurisprudenciales, pr\u00e1cticas del sector, o por cambios en la forma en que gestionamos sus datos. Por esta raz\u00f3n, aconsejamos a los usuarios que visiten peri\u00f3dicamente nuestra pol\u00edtica de privacidad.<\/p><p><strong>Pol\u00edtica de Privacidad actualizada en Octubre de 2025<\/strong><\/p><p style=\"text-align: justify;\"><sup><a title=\"\" name=\"_ftn1\"><\/a>[1]<\/sup>\u00a0Estados Miembros de la Uni\u00f3n Europea adem\u00e1s de Islandia, Noruega y Liechtenstein<\/p><p><a href=\"https:\/\/www.quironsalud.es\/palmaplanas\/es\/politica-proteccion-datos\/sociedades-grupo-quironsalud\" target=\"_blank\" rel=\"noopener\"><strong>Sociedades del Grupo Quir\u00f3nsalud<\/strong><\/a><\/p>\t\t\t\t\t\t\t\t<\/div>\n\t\t\t\t<\/div>\n\t\t\t\t<div class=\"elementor-element elementor-element-b9f8191 elementor-widget elementor-widget-spacer\" data-id=\"b9f8191\" data-element_type=\"widget\" data-e-type=\"widget\" data-widget_type=\"spacer.default\">\n\t\t\t\t<div class=\"elementor-widget-container\">\n\t\t\t\t\t\t\t<div class=\"elementor-spacer\">\n\t\t\t<div class=\"elementor-spacer-inner\"><\/div>\n\t\t<\/div>\n\t\t\t\t\t\t<\/div>\n\t\t\t\t<\/div>\n\t\t\t\t\t<\/div>\n\t\t<\/div>\n\t\t\t\t\t<\/div>\n\t\t<\/section>\n\t\t\t\t<\/div>\n\t\t","protected":false},"excerpt":{"rendered":"<p>De conformidad con el Reglamento (UE) 2016\/679 del Parlamento y del Consejo de 27 de abril de 2016 relativo a la protecci\u00f3n de las personas f\u00edsicas en lo que respecta al tratamiento de sus datos personales y la libre circulaci\u00f3n de \u00e9stos, y la Ley 41\/2002, de 14 de noviembre, B\u00e1sica Reguladora de la Autonom\u00eda&#8230;<\/p>\n","protected":false},"author":1,"featured_media":0,"parent":0,"menu_order":0,"comment_status":"closed","ping_status":"closed","template":"","meta":{"_price":"","_stock":"","_tribe_ticket_header":"","_tribe_default_ticket_provider":"","_tribe_ticket_capacity":"0","_ticket_start_date":"","_ticket_end_date":"","_tribe_ticket_show_description":"","_tribe_ticket_show_not_going":false,"_tribe_ticket_use_global_stock":"","_tribe_ticket_global_stock_level":"","_global_stock_mode":"","_global_stock_cap":"","_tribe_rsvp_for_event":"","_tribe_ticket_going_count":"","_tribe_ticket_not_going_count":"","_tribe_tickets_list":"[]","_tribe_ticket_has_attendee_info_fields":false,"footnotes":""},"class_list":["post-8198","page","type-page","status-publish","hentry"],"yoast_head":"<!-- This site is optimized with the Yoast SEO plugin v26.8 - https:\/\/yoast.com\/product\/yoast-seo-wordpress\/ -->\n<title>Datenschutzrichtlinie - Clinica Rotger<\/title>\n<meta name=\"description\" content=\"De conformidad con el Reglamento (UE) 2016\/679 del Parlamento y del Consejo de 27 de abril de 2016 relativo a la protecci\u00f3n de las personas f\u00edsicas en lo\" \/>\n<meta name=\"robots\" content=\"index, follow, max-snippet:-1, max-image-preview:large, max-video-preview:-1\" \/>\n<link rel=\"canonical\" href=\"https:\/\/www.clinicarotger.com\/de\/datenschutzrichtlinie\/\" \/>\n<meta property=\"og:locale\" content=\"de_DE\" \/>\n<meta property=\"og:type\" content=\"article\" \/>\n<meta property=\"og:title\" content=\"Datenschutzrichtlinie - Clinica Rotger\" \/>\n<meta property=\"og:description\" content=\"De conformidad con el Reglamento (UE) 2016\/679 del Parlamento y del Consejo de 27 de abril de 2016 relativo a la protecci\u00f3n de las personas f\u00edsicas en lo\" \/>\n<meta property=\"og:url\" content=\"https:\/\/www.clinicarotger.com\/de\/datenschutzrichtlinie\/\" \/>\n<meta property=\"og:site_name\" content=\"Clinica Rotger\" \/>\n<meta property=\"article:publisher\" content=\"https:\/\/www.facebook.com\/clinica.rotger\/\" \/>\n<meta property=\"article:modified_time\" content=\"2026-03-18T11:27:52+00:00\" \/>\n<meta property=\"og:image\" content=\"https:\/\/www.quironsalud.es\/idcsalud-client\/imagenes\/popup\/popup_external_small.gif\" \/>\n<meta name=\"twitter:card\" content=\"summary_large_image\" \/>\n<meta name=\"twitter:site\" content=\"@clinicarotger\" \/>\n<meta name=\"twitter:label1\" content=\"Gesch\u00e4tzte Lesezeit\" \/>\n\t<meta name=\"twitter:data1\" content=\"23\u00a0Minuten\" \/>\n<script type=\"application\/ld+json\" class=\"yoast-schema-graph\">{\"@context\":\"https:\/\/schema.org\",\"@graph\":[{\"@type\":\"WebPage\",\"@id\":\"https:\/\/www.clinicarotger.com\/de\/datenschutzrichtlinie\/\",\"url\":\"https:\/\/www.clinicarotger.com\/de\/datenschutzrichtlinie\/\",\"name\":\"Datenschutzrichtlinie - Clinica Rotger\",\"isPartOf\":{\"@id\":\"https:\/\/www.clinicarotger.com\/de\/#website\"},\"primaryImageOfPage\":{\"@id\":\"https:\/\/www.clinicarotger.com\/de\/datenschutzrichtlinie\/#primaryimage\"},\"image\":{\"@id\":\"https:\/\/www.clinicarotger.com\/de\/datenschutzrichtlinie\/#primaryimage\"},\"thumbnailUrl\":\"https:\/\/www.quironsalud.es\/idcsalud-client\/imagenes\/popup\/popup_external_small.gif\",\"datePublished\":\"2019-11-12T16:19:15+00:00\",\"dateModified\":\"2026-03-18T11:27:52+00:00\",\"description\":\"De conformidad con el Reglamento (UE) 2016\/679 del Parlamento y del Consejo de 27 de abril de 2016 relativo a la protecci\u00f3n de las personas f\u00edsicas en lo\",\"breadcrumb\":{\"@id\":\"https:\/\/www.clinicarotger.com\/de\/datenschutzrichtlinie\/#breadcrumb\"},\"inLanguage\":\"de\",\"potentialAction\":[{\"@type\":\"ReadAction\",\"target\":[\"https:\/\/www.clinicarotger.com\/de\/datenschutzrichtlinie\/\"]}]},{\"@type\":\"ImageObject\",\"inLanguage\":\"de\",\"@id\":\"https:\/\/www.clinicarotger.com\/de\/datenschutzrichtlinie\/#primaryimage\",\"url\":\"https:\/\/www.quironsalud.es\/idcsalud-client\/imagenes\/popup\/popup_external_small.gif\",\"contentUrl\":\"https:\/\/www.quironsalud.es\/idcsalud-client\/imagenes\/popup\/popup_external_small.gif\"},{\"@type\":\"BreadcrumbList\",\"@id\":\"https:\/\/www.clinicarotger.com\/de\/datenschutzrichtlinie\/#breadcrumb\",\"itemListElement\":[{\"@type\":\"ListItem\",\"position\":1,\"name\":\"Inicio\",\"item\":\"https:\/\/www.clinicarotger.com\/de\/\"},{\"@type\":\"ListItem\",\"position\":2,\"name\":\"Datenschutzrichtlinie\"}]},{\"@type\":\"WebSite\",\"@id\":\"https:\/\/www.clinicarotger.com\/de\/#website\",\"url\":\"https:\/\/www.clinicarotger.com\/de\/\",\"name\":\"Clinica Rotger\",\"description\":\"Krankenhaus Mallorca\",\"publisher\":{\"@id\":\"https:\/\/www.clinicarotger.com\/de\/#organization\"},\"potentialAction\":[{\"@type\":\"SearchAction\",\"target\":{\"@type\":\"EntryPoint\",\"urlTemplate\":\"https:\/\/www.clinicarotger.com\/de\/?s={search_term_string}\"},\"query-input\":{\"@type\":\"PropertyValueSpecification\",\"valueRequired\":true,\"valueName\":\"search_term_string\"}}],\"inLanguage\":\"de\"},{\"@type\":\"Organization\",\"@id\":\"https:\/\/www.clinicarotger.com\/de\/#organization\",\"name\":\"Cl\u00ednica Rotger\",\"url\":\"https:\/\/www.clinicarotger.com\/de\/\",\"logo\":{\"@type\":\"ImageObject\",\"inLanguage\":\"de\",\"@id\":\"https:\/\/www.clinicarotger.com\/de\/#\/schema\/logo\/image\/\",\"url\":\"https:\/\/www.clinicarotger.com\/wp-content\/uploads\/2019\/11\/clinica-rotger-logo-top.png\",\"contentUrl\":\"https:\/\/www.clinicarotger.com\/wp-content\/uploads\/2019\/11\/clinica-rotger-logo-top.png\",\"width\":324,\"height\":104,\"caption\":\"Cl\u00ednica Rotger\"},\"image\":{\"@id\":\"https:\/\/www.clinicarotger.com\/de\/#\/schema\/logo\/image\/\"},\"sameAs\":[\"https:\/\/www.facebook.com\/clinica.rotger\/\",\"https:\/\/x.com\/clinicarotger\",\"https:\/\/twitter.com\/clinicarotger\",\"https:\/\/www.instagram.com\/quironsalud\/\",\"https:\/\/www.youtube.com\/channel\/UC1Xp5xg-r2Au-kQdIorviwg\"]}]}<\/script>\n<!-- \/ Yoast SEO plugin. -->","yoast_head_json":{"title":"Datenschutzrichtlinie - Clinica Rotger","description":"De conformidad con el Reglamento (UE) 2016\/679 del Parlamento y del Consejo de 27 de abril de 2016 relativo a la protecci\u00f3n de las personas f\u00edsicas en lo","robots":{"index":"index","follow":"follow","max-snippet":"max-snippet:-1","max-image-preview":"max-image-preview:large","max-video-preview":"max-video-preview:-1"},"canonical":"https:\/\/www.clinicarotger.com\/de\/datenschutzrichtlinie\/","og_locale":"de_DE","og_type":"article","og_title":"Datenschutzrichtlinie - Clinica Rotger","og_description":"De conformidad con el Reglamento (UE) 2016\/679 del Parlamento y del Consejo de 27 de abril de 2016 relativo a la protecci\u00f3n de las personas f\u00edsicas en lo","og_url":"https:\/\/www.clinicarotger.com\/de\/datenschutzrichtlinie\/","og_site_name":"Clinica Rotger","article_publisher":"https:\/\/www.facebook.com\/clinica.rotger\/","article_modified_time":"2026-03-18T11:27:52+00:00","og_image":[{"url":"https:\/\/www.quironsalud.es\/idcsalud-client\/imagenes\/popup\/popup_external_small.gif","type":"","width":"","height":""}],"twitter_card":"summary_large_image","twitter_site":"@clinicarotger","twitter_misc":{"Gesch\u00e4tzte Lesezeit":"23\u00a0Minuten"},"schema":{"@context":"https:\/\/schema.org","@graph":[{"@type":"WebPage","@id":"https:\/\/www.clinicarotger.com\/de\/datenschutzrichtlinie\/","url":"https:\/\/www.clinicarotger.com\/de\/datenschutzrichtlinie\/","name":"Datenschutzrichtlinie - Clinica Rotger","isPartOf":{"@id":"https:\/\/www.clinicarotger.com\/de\/#website"},"primaryImageOfPage":{"@id":"https:\/\/www.clinicarotger.com\/de\/datenschutzrichtlinie\/#primaryimage"},"image":{"@id":"https:\/\/www.clinicarotger.com\/de\/datenschutzrichtlinie\/#primaryimage"},"thumbnailUrl":"https:\/\/www.quironsalud.es\/idcsalud-client\/imagenes\/popup\/popup_external_small.gif","datePublished":"2019-11-12T16:19:15+00:00","dateModified":"2026-03-18T11:27:52+00:00","description":"De conformidad con el Reglamento (UE) 2016\/679 del Parlamento y del Consejo de 27 de abril de 2016 relativo a la protecci\u00f3n de las personas f\u00edsicas en lo","breadcrumb":{"@id":"https:\/\/www.clinicarotger.com\/de\/datenschutzrichtlinie\/#breadcrumb"},"inLanguage":"de","potentialAction":[{"@type":"ReadAction","target":["https:\/\/www.clinicarotger.com\/de\/datenschutzrichtlinie\/"]}]},{"@type":"ImageObject","inLanguage":"de","@id":"https:\/\/www.clinicarotger.com\/de\/datenschutzrichtlinie\/#primaryimage","url":"https:\/\/www.quironsalud.es\/idcsalud-client\/imagenes\/popup\/popup_external_small.gif","contentUrl":"https:\/\/www.quironsalud.es\/idcsalud-client\/imagenes\/popup\/popup_external_small.gif"},{"@type":"BreadcrumbList","@id":"https:\/\/www.clinicarotger.com\/de\/datenschutzrichtlinie\/#breadcrumb","itemListElement":[{"@type":"ListItem","position":1,"name":"Inicio","item":"https:\/\/www.clinicarotger.com\/de\/"},{"@type":"ListItem","position":2,"name":"Datenschutzrichtlinie"}]},{"@type":"WebSite","@id":"https:\/\/www.clinicarotger.com\/de\/#website","url":"https:\/\/www.clinicarotger.com\/de\/","name":"Clinica Rotger","description":"Krankenhaus Mallorca","publisher":{"@id":"https:\/\/www.clinicarotger.com\/de\/#organization"},"potentialAction":[{"@type":"SearchAction","target":{"@type":"EntryPoint","urlTemplate":"https:\/\/www.clinicarotger.com\/de\/?s={search_term_string}"},"query-input":{"@type":"PropertyValueSpecification","valueRequired":true,"valueName":"search_term_string"}}],"inLanguage":"de"},{"@type":"Organization","@id":"https:\/\/www.clinicarotger.com\/de\/#organization","name":"Cl\u00ednica Rotger","url":"https:\/\/www.clinicarotger.com\/de\/","logo":{"@type":"ImageObject","inLanguage":"de","@id":"https:\/\/www.clinicarotger.com\/de\/#\/schema\/logo\/image\/","url":"https:\/\/www.clinicarotger.com\/wp-content\/uploads\/2019\/11\/clinica-rotger-logo-top.png","contentUrl":"https:\/\/www.clinicarotger.com\/wp-content\/uploads\/2019\/11\/clinica-rotger-logo-top.png","width":324,"height":104,"caption":"Cl\u00ednica Rotger"},"image":{"@id":"https:\/\/www.clinicarotger.com\/de\/#\/schema\/logo\/image\/"},"sameAs":["https:\/\/www.facebook.com\/clinica.rotger\/","https:\/\/x.com\/clinicarotger","https:\/\/twitter.com\/clinicarotger","https:\/\/www.instagram.com\/quironsalud\/","https:\/\/www.youtube.com\/channel\/UC1Xp5xg-r2Au-kQdIorviwg"]}]}},"_links":{"self":[{"href":"https:\/\/www.clinicarotger.com\/de\/wp-json\/wp\/v2\/pages\/8198","targetHints":{"allow":["GET"]}}],"collection":[{"href":"https:\/\/www.clinicarotger.com\/de\/wp-json\/wp\/v2\/pages"}],"about":[{"href":"https:\/\/www.clinicarotger.com\/de\/wp-json\/wp\/v2\/types\/page"}],"author":[{"embeddable":true,"href":"https:\/\/www.clinicarotger.com\/de\/wp-json\/wp\/v2\/users\/1"}],"replies":[{"embeddable":true,"href":"https:\/\/www.clinicarotger.com\/de\/wp-json\/wp\/v2\/comments?post=8198"}],"version-history":[{"count":11,"href":"https:\/\/www.clinicarotger.com\/de\/wp-json\/wp\/v2\/pages\/8198\/revisions"}],"predecessor-version":[{"id":37798,"href":"https:\/\/www.clinicarotger.com\/de\/wp-json\/wp\/v2\/pages\/8198\/revisions\/37798"}],"wp:attachment":[{"href":"https:\/\/www.clinicarotger.com\/de\/wp-json\/wp\/v2\/media?parent=8198"}],"curies":[{"name":"wp","href":"https:\/\/api.w.org\/{rel}","templated":true}]}}